{"id":1246,"date":"2025-06-30T08:39:07","date_gmt":"2025-06-30T06:39:07","guid":{"rendered":"https:\/\/rhecord.de\/?page_id=1246"},"modified":"2026-01-22T09:08:24","modified_gmt":"2026-01-22T08:08:24","slug":"ueber-rhecord","status":"publish","type":"page","link":"https:\/\/rhecord.de\/?page_id=1246","title":{"rendered":"\u00dcber RheCORD"},"content":{"rendered":"\t\t<div data-elementor-type=\"wp-page\" data-elementor-id=\"1246\" class=\"elementor elementor-1246\">\n\t\t\t\t<div class=\"elementor-element elementor-element-f082573 e-flex e-con-boxed e-con e-parent\" data-id=\"f082573\" data-element_type=\"container\" data-settings=\"{&quot;background_background&quot;:&quot;classic&quot;}\">\n\t\t\t\t\t<div class=\"e-con-inner\">\n\t\t<div class=\"elementor-element elementor-element-0405930 e-con-full e-flex e-con e-child\" data-id=\"0405930\" data-element_type=\"container\">\n\t\t\t\t<div class=\"elementor-element elementor-element-543c9a9 elementor-widget elementor-widget-text-editor\" data-id=\"543c9a9\" data-element_type=\"widget\" data-widget_type=\"text-editor.default\">\n\t\t\t\t<div class=\"elementor-widget-container\">\n\t\t\t\t\t\t\t\t\t<p style=\"text-align: left;\">Rheuma-Management<br \/><span style=\"color: #ffffff;\">Neu gedacht<\/span><\/p>\t\t\t\t\t\t\t\t<\/div>\n\t\t\t\t<\/div>\n\t\t\t\t<\/div>\n\t\t\t\t\t<\/div>\n\t\t\t\t<\/div>\n\t\t<div class=\"elementor-element elementor-element-acb9662 e-flex e-con-boxed e-con e-parent\" data-id=\"acb9662\" data-element_type=\"container\">\n\t\t\t\t\t<div class=\"e-con-inner\">\n\t\t<div class=\"elementor-element elementor-element-3156a62 e-con-full e-flex e-con e-child\" data-id=\"3156a62\" data-element_type=\"container\">\n\t\t\t\t<div class=\"elementor-element elementor-element-f4e62d1 elementor-widget elementor-widget-heading\" data-id=\"f4e62d1\" data-element_type=\"widget\" data-widget_type=\"heading.default\">\n\t\t\t\t<div class=\"elementor-widget-container\">\n\t\t\t\t\t<h2 class=\"elementor-heading-title elementor-size-default\">Ein \u00dcberblick<\/h2>\t\t\t\t<\/div>\n\t\t\t\t<\/div>\n\t\t\t\t<div class=\"elementor-element elementor-element-9d8d0f6 elementor-widget__width-inherit elementor-widget elementor-widget-text-editor\" data-id=\"9d8d0f6\" data-element_type=\"widget\" data-widget_type=\"text-editor.default\">\n\t\t\t\t<div class=\"elementor-widget-container\">\n\t\t\t\t\t\t\t\t\t<p>RheCORD ist ein digitales Rheuma-Management f\u00fcr Patienten:innen mit rheumatischen Erkrankungen und deren Behandler:innen.<\/p>\t\t\t\t\t\t\t\t<\/div>\n\t\t\t\t<\/div>\n\t\t\t\t<\/div>\n\t\t<div class=\"elementor-element elementor-element-e73cf96 e-con-full e-flex e-con e-child\" data-id=\"e73cf96\" data-element_type=\"container\">\n\t\t<div class=\"elementor-element elementor-element-6a0dbc9 e-con-full e-flex e-con e-child\" data-id=\"6a0dbc9\" data-element_type=\"container\" data-settings=\"{&quot;background_background&quot;:&quot;classic&quot;}\">\n\t\t\t\t<div class=\"elementor-element elementor-element-420969f elementor-view-framed elementor-shape-circle elementor-widget elementor-widget-icon\" data-id=\"420969f\" data-element_type=\"widget\" data-widget_type=\"icon.default\">\n\t\t\t\t<div class=\"elementor-widget-container\">\n\t\t\t\t\t\t\t<div class=\"elementor-icon-wrapper\">\n\t\t\t<div class=\"elementor-icon\">\n\t\t\t<i aria-hidden=\"true\" class=\"fas fa-mobile-alt\"><\/i>\t\t\t<\/div>\n\t\t<\/div>\n\t\t\t\t\t\t<\/div>\n\t\t\t\t<\/div>\n\t\t\t\t<div class=\"elementor-element elementor-element-75f377c elementor-widget elementor-widget-text-editor\" data-id=\"75f377c\" data-element_type=\"widget\" data-widget_type=\"text-editor.default\">\n\t\t\t\t<div class=\"elementor-widget-container\">\n\t\t\t\t\t\t\t\t\t<p style=\"text-align: center;\"><span style=\"color: #61a2a3;\"><strong>Die RheCORD-App<\/strong><\/span><\/p><p style=\"text-align: center;\">RheCORD ist eine App, die Ihnen bei Ihrem t\u00e4glichen Umgang mit Ihrer rheumatischen Erkrankung hilft und Sie in Ihrem Alltag unterst\u00fctzt.<\/p>\t\t\t\t\t\t\t\t<\/div>\n\t\t\t\t<\/div>\n\t\t\t\t<\/div>\n\t\t<div class=\"elementor-element elementor-element-8d48f75 e-con-full e-flex e-con e-child\" data-id=\"8d48f75\" data-element_type=\"container\" data-settings=\"{&quot;background_background&quot;:&quot;classic&quot;}\">\n\t\t\t\t<div class=\"elementor-element elementor-element-f7e8fbf elementor-view-framed elementor-shape-circle elementor-widget elementor-widget-icon\" data-id=\"f7e8fbf\" data-element_type=\"widget\" data-widget_type=\"icon.default\">\n\t\t\t\t<div class=\"elementor-widget-container\">\n\t\t\t\t\t\t\t<div class=\"elementor-icon-wrapper\">\n\t\t\t<div class=\"elementor-icon\">\n\t\t\t<i aria-hidden=\"true\" class=\"fas fa-sync-alt\"><\/i>\t\t\t<\/div>\n\t\t<\/div>\n\t\t\t\t\t\t<\/div>\n\t\t\t\t<\/div>\n\t\t\t\t<div class=\"elementor-element elementor-element-7770c06 elementor-widget elementor-widget-text-editor\" data-id=\"7770c06\" data-element_type=\"widget\" data-widget_type=\"text-editor.default\">\n\t\t\t\t<div class=\"elementor-widget-container\">\n\t\t\t\t\t\t\t\t\t<p style=\"text-align: center;\"><span style=\"color: #61a2a3;\"><strong>Das RheCORD-System<\/strong><\/span><\/p><p style=\"text-align: center;\">verbindet Sie mit Ihrem:Ihrer Rheumatolog:in und anderen \u00c4rzt:innen und sichert Ihnen eine st\u00e4ndige Anbindung an ein rheumatologisches Versorgungsmanagement. So sind Sie eng mit Ihrem:Ihrer Behandler:in verbunden.<\/p>\t\t\t\t\t\t\t\t<\/div>\n\t\t\t\t<\/div>\n\t\t\t\t<\/div>\n\t\t\t\t<\/div>\n\t\t\t\t\t<\/div>\n\t\t\t\t<\/div>\n\t\t<div class=\"elementor-element elementor-element-1b677f6 e-con-full e-flex e-con e-parent\" data-id=\"1b677f6\" data-element_type=\"container\">\n\t\t<div class=\"elementor-element elementor-element-3d1304d e-con-full e-flex e-con e-child\" data-id=\"3d1304d\" data-element_type=\"container\" data-settings=\"{&quot;background_background&quot;:&quot;classic&quot;}\">\n\t\t\t\t<div class=\"elementor-element elementor-element-b559792 elementor-widget elementor-widget-button\" data-id=\"b559792\" data-element_type=\"widget\" data-widget_type=\"button.default\">\n\t\t\t\t<div class=\"elementor-widget-container\">\n\t\t\t\t\t\t\t\t\t<div class=\"elementor-button-wrapper\">\n\t\t\t\t\t<a class=\"elementor-button elementor-button-link elementor-size-sm elementor-animation-grow\" href=\"https:\/\/rhecord.de\/?page_id=1248\">\n\t\t\t\t\t\t<span class=\"elementor-button-content-wrapper\">\n\t\t\t\t\t\t<span class=\"elementor-button-icon\">\n\t\t\t\t<i aria-hidden=\"true\" class=\"fas fa-angle-right\"><\/i>\t\t\t<\/span>\n\t\t\t\t\t\t\t\t\t<span class=\"elementor-button-text\">RheCORD f\u00fcr Patient:innen<\/span>\n\t\t\t\t\t<\/span>\n\t\t\t\t\t<\/a>\n\t\t\t\t<\/div>\n\t\t\t\t\t\t\t\t<\/div>\n\t\t\t\t<\/div>\n\t\t\t\t<\/div>\n\t\t<div class=\"elementor-element elementor-element-d3b11cf e-con-full e-flex e-con e-child\" data-id=\"d3b11cf\" data-element_type=\"container\" data-settings=\"{&quot;background_background&quot;:&quot;classic&quot;}\">\n\t\t\t\t<div class=\"elementor-element elementor-element-3f6ffd4 elementor-widget elementor-widget-button\" data-id=\"3f6ffd4\" data-element_type=\"widget\" data-widget_type=\"button.default\">\n\t\t\t\t<div class=\"elementor-widget-container\">\n\t\t\t\t\t\t\t\t\t<div class=\"elementor-button-wrapper\">\n\t\t\t\t\t<a class=\"elementor-button elementor-button-link elementor-size-sm elementor-animation-grow\" href=\"https:\/\/rhecord.de\/?page_id=1247\">\n\t\t\t\t\t\t<span class=\"elementor-button-content-wrapper\">\n\t\t\t\t\t\t<span class=\"elementor-button-icon\">\n\t\t\t\t<i aria-hidden=\"true\" class=\"fas fa-angle-right\"><\/i>\t\t\t<\/span>\n\t\t\t\t\t\t\t\t\t<span class=\"elementor-button-text\">RheCORD f\u00fcr Fachkreise<\/span>\n\t\t\t\t\t<\/span>\n\t\t\t\t\t<\/a>\n\t\t\t\t<\/div>\n\t\t\t\t\t\t\t\t<\/div>\n\t\t\t\t<\/div>\n\t\t\t\t<\/div>\n\t\t\t\t<\/div>\n\t\t<div class=\"elementor-element elementor-element-1f22930 e-flex e-con-boxed e-con e-parent\" data-id=\"1f22930\" data-element_type=\"container\" data-settings=\"{&quot;background_background&quot;:&quot;classic&quot;}\">\n\t\t\t\t\t<div class=\"e-con-inner\">\n\t\t<div class=\"elementor-element elementor-element-4b9cef9 e-con-full e-flex e-con e-child\" data-id=\"4b9cef9\" data-element_type=\"container\">\n\t\t\t\t<div class=\"elementor-element elementor-element-7177141 elementor-widget elementor-widget-heading\" data-id=\"7177141\" data-element_type=\"widget\" data-widget_type=\"heading.default\">\n\t\t\t\t<div class=\"elementor-widget-container\">\n\t\t\t\t\t<h2 class=\"elementor-heading-title elementor-size-default\">Wof\u00fcr steht RheCORD?<\/h2>\t\t\t\t<\/div>\n\t\t\t\t<\/div>\n\t\t\t\t<div class=\"elementor-element elementor-element-69887e2 elementor-widget elementor-widget-text-editor\" data-id=\"69887e2\" data-element_type=\"widget\" data-widget_type=\"text-editor.default\">\n\t\t\t\t<div class=\"elementor-widget-container\">\n\t\t\t\t\t\t\t\t\t<p><span style=\"color: #518b8b;\"><strong>Unser Ziel \u2013 Ein besseres Leben mit Rheuma<\/strong><\/span><\/p><p><strong>RheCORD verbessert Ihre Versorgungssituation.<\/strong><\/p><p>Hierf\u00fcr bietet RheCORD ein ganzheitliches Patient:innen- und Praxissystem, das die Versorgung Ihrer Erkrankung sowie die Kommunikation zwischen Ihnen und Ihrem:Ihrer Arzt:in unterst\u00fctzt. RheCORD verfolgt zudem den Ansatz des Selfempowerments und unterst\u00fctzt Sie dabei, Ihre Erkrankung selbstst\u00e4ndig anzugehen. Sie k\u00f6nnen mit RheCORD lernen, Ihre Krankheitssch\u00fcbe fr\u00fchzeitig zu erkennen, zu dokumentieren und auch selbstst\u00e4ndig aktiv zu werden.<\/p>\t\t\t\t\t\t\t\t<\/div>\n\t\t\t\t<\/div>\n\t\t\t\t<\/div>\n\t\t<div class=\"elementor-element elementor-element-59481e3 e-flex e-con-boxed e-con e-child\" data-id=\"59481e3\" data-element_type=\"container\">\n\t\t\t\t\t<div class=\"e-con-inner\">\n\t\t<div class=\"elementor-element elementor-element-54eee43 e-con-full e-flex e-con e-child\" data-id=\"54eee43\" data-element_type=\"container\" data-settings=\"{&quot;background_background&quot;:&quot;classic&quot;}\">\n\t\t\t\t<div class=\"elementor-element elementor-element-9e06132 elementor-view-framed elementor-shape-circle elementor-widget elementor-widget-icon\" data-id=\"9e06132\" data-element_type=\"widget\" data-widget_type=\"icon.default\">\n\t\t\t\t<div class=\"elementor-widget-container\">\n\t\t\t\t\t\t\t<div class=\"elementor-icon-wrapper\">\n\t\t\t<div class=\"elementor-icon\">\n\t\t\t<i aria-hidden=\"true\" class=\"fas fa-hand-holding-heart\"><\/i>\t\t\t<\/div>\n\t\t<\/div>\n\t\t\t\t\t\t<\/div>\n\t\t\t\t<\/div>\n\t\t\t\t<div class=\"elementor-element elementor-element-7874830 elementor-widget elementor-widget-text-editor\" data-id=\"7874830\" data-element_type=\"widget\" data-widget_type=\"text-editor.default\">\n\t\t\t\t<div class=\"elementor-widget-container\">\n\t\t\t\t\t\t\t\t\t<ul><li>Teilhabe am t\u00e4glichen Leben<\/li><li>Zeit mit der Familie<\/li><li>Aktivit\u00e4ten aus\u00fcben<\/li><li><span style=\"color: #61a2a3;\"><strong>Lebensqualit\u00e4t erhalten<\/strong><\/span><\/li><\/ul>\t\t\t\t\t\t\t\t<\/div>\n\t\t\t\t<\/div>\n\t\t\t\t<\/div>\n\t\t<div class=\"elementor-element elementor-element-6ece7f0 e-con-full e-flex e-con e-child\" data-id=\"6ece7f0\" data-element_type=\"container\" data-settings=\"{&quot;background_background&quot;:&quot;classic&quot;}\">\n\t\t\t\t<div class=\"elementor-element elementor-element-13f84ce elementor-view-framed elementor-shape-circle elementor-widget elementor-widget-icon\" data-id=\"13f84ce\" data-element_type=\"widget\" data-widget_type=\"icon.default\">\n\t\t\t\t<div class=\"elementor-widget-container\">\n\t\t\t\t\t\t\t<div class=\"elementor-icon-wrapper\">\n\t\t\t<div class=\"elementor-icon\">\n\t\t\t<i aria-hidden=\"true\" class=\"fas fa-hiking\"><\/i>\t\t\t<\/div>\n\t\t<\/div>\n\t\t\t\t\t\t<\/div>\n\t\t\t\t<\/div>\n\t\t\t\t<div class=\"elementor-element elementor-element-3e15e03 elementor-widget elementor-widget-text-editor\" data-id=\"3e15e03\" data-element_type=\"widget\" data-widget_type=\"text-editor.default\">\n\t\t\t\t<div class=\"elementor-widget-container\">\n\t\t\t\t\t\t\t\t\t<ul><li>Erhaltung der k\u00f6rperlichen Funktionsf\u00e4higkeit<\/li><li>Remission<\/li><li>Aktives <span style=\"color: #61a2a3;\"><strong>Selbstmanagement<\/strong><\/span> f\u00f6rdern: Bewegung, Aktivit\u00e4t, Medikation und Selbstf\u00fcrsorge<\/li><\/ul>\t\t\t\t\t\t\t\t<\/div>\n\t\t\t\t<\/div>\n\t\t\t\t<\/div>\n\t\t<div class=\"elementor-element elementor-element-e469078 e-con-full e-flex e-con e-child\" data-id=\"e469078\" data-element_type=\"container\" data-settings=\"{&quot;background_background&quot;:&quot;classic&quot;}\">\n\t\t\t\t<div class=\"elementor-element elementor-element-264d280 elementor-view-framed elementor-shape-circle elementor-widget elementor-widget-icon\" data-id=\"264d280\" data-element_type=\"widget\" data-widget_type=\"icon.default\">\n\t\t\t\t<div class=\"elementor-widget-container\">\n\t\t\t\t\t\t\t<div class=\"elementor-icon-wrapper\">\n\t\t\t<div class=\"elementor-icon\">\n\t\t\t<i aria-hidden=\"true\" class=\"fas fa-people-arrows\"><\/i>\t\t\t<\/div>\n\t\t<\/div>\n\t\t\t\t\t\t<\/div>\n\t\t\t\t<\/div>\n\t\t\t\t<div class=\"elementor-element elementor-element-7df9e90 elementor-widget elementor-widget-text-editor\" data-id=\"7df9e90\" data-element_type=\"widget\" data-widget_type=\"text-editor.default\">\n\t\t\t\t<div class=\"elementor-widget-container\">\n\t\t\t\t\t\t\t\t\t<ul><li style=\"text-align: left;\">Eigenverantwortliche Mitwirkung der Patient:innen<\/li><li style=\"text-align: left;\">Selbstmanagement der App nutzen\u00a0<\/li><\/ul>\t\t\t\t\t\t\t\t<\/div>\n\t\t\t\t<\/div>\n\t\t\t\t<\/div>\n\t\t\t\t\t<\/div>\n\t\t\t\t<\/div>\n\t\t\t\t\t<\/div>\n\t\t\t\t<\/div>\n\t\t<div class=\"elementor-element elementor-element-787a2a1 e-flex e-con-boxed e-con e-parent\" data-id=\"787a2a1\" data-element_type=\"container\">\n\t\t\t\t\t<div class=\"e-con-inner\">\n\t\t<div class=\"elementor-element elementor-element-61acca2 e-con-full e-flex e-con e-child\" data-id=\"61acca2\" data-element_type=\"container\">\n\t\t\t\t<div class=\"elementor-element elementor-element-3b7dec7 elementor-widget elementor-widget-heading\" data-id=\"3b7dec7\" data-element_type=\"widget\" data-widget_type=\"heading.default\">\n\t\t\t\t<div class=\"elementor-widget-container\">\n\t\t\t\t\t<h2 class=\"elementor-heading-title elementor-size-default\">Selektivvertr\u00e4ge<\/h2>\t\t\t\t<\/div>\n\t\t\t\t<\/div>\n\t\t\t\t<div class=\"elementor-element elementor-element-6dde3f9 elementor-widget elementor-widget-text-editor\" data-id=\"6dde3f9\" data-element_type=\"widget\" data-widget_type=\"text-editor.default\">\n\t\t\t\t<div class=\"elementor-widget-container\">\n\t\t\t\t\t\t\t\t\t<p style=\"font-weight: 400;\"><strong>RheCORD ist seit dem 01.10.2025 Teil eines innovativen Versorgungsmodells \u2013 sogenannte Selektivvertr\u00e4ge nach \u00a7140a SGB V erm\u00f6glichen es, die Qualit\u00e4t der Behandlung zu erh\u00f6hen, Abl\u00e4ufe zu verbessern und neue, innovative Versorgungskonzepte zu erproben.<\/strong><\/p>\t\t\t\t\t\t\t\t<\/div>\n\t\t\t\t<\/div>\n\t\t\t\t<\/div>\n\t\t<div class=\"elementor-element elementor-element-19ea0bc e-con-full e-flex e-con e-child\" data-id=\"19ea0bc\" data-element_type=\"container\">\n\t\t\t\t<div class=\"elementor-element elementor-element-291385d elementor-widget elementor-widget-text-editor\" data-id=\"291385d\" data-element_type=\"widget\" data-widget_type=\"text-editor.default\">\n\t\t\t\t<div class=\"elementor-widget-container\">\n\t\t\t\t\t\t\t\t\t<p style=\"font-weight: 400; text-align: center;\">Patient:innen k\u00f6nnen \u2013 freiwillig \u2013 teilnehmen und die Patienten-App <strong>RheCORD<\/strong> exklusiv \u00fcber ihre Krankenkasse beziehen, wenn ihre Krankenkasse einen solchen Vertrag anbietet. Behandler:innen k\u00f6nnen sich an diesen Vertr\u00e4gen beteiligen und ihre Patient:innen gezielter und oft mit besseren strukturellen Bedingungen betreuen. Die RheCORD-App wird per QR-Code mit einer teilnehmenden rheumatologischen Einrichtung verbunden und erm\u00f6glicht so Patient:in und Behandler:in eine optimale Vernetzung, Monitoring und Vorbereitung auf den n\u00e4chsten Termin in der Praxis.<\/p><p style=\"font-weight: 400; text-align: center;\"><strong>Der neue Selektivvertrag wurde gemeinsam mit der BARMER und der BDRh Service GmbH abgeschlossen und\u00a0<\/strong><b style=\"font-style: inherit;\">wird derzeit in den KV-Regionen Bayern und Berlin angeboten.<\/b><\/p>\t\t\t\t\t\t\t\t<\/div>\n\t\t\t\t<\/div>\n\t\t\t\t<\/div>\n\t\t\t\t\t<\/div>\n\t\t\t\t<\/div>\n\t\t<div class=\"elementor-element elementor-element-9b43df2 e-flex e-con-boxed e-con e-parent\" data-id=\"9b43df2\" data-element_type=\"container\" data-settings=\"{&quot;background_background&quot;:&quot;classic&quot;}\">\n\t\t\t\t\t<div class=\"e-con-inner\">\n\t\t<div class=\"elementor-element elementor-element-26facd4 e-con-full e-flex e-con e-child\" data-id=\"26facd4\" data-element_type=\"container\">\n\t\t<div class=\"elementor-element elementor-element-7d597e4 e-con-full e-flex e-con e-child\" data-id=\"7d597e4\" data-element_type=\"container\">\n\t\t\t\t<div class=\"elementor-element elementor-element-3748365 elementor-view-default elementor-widget elementor-widget-icon\" data-id=\"3748365\" data-element_type=\"widget\" data-widget_type=\"icon.default\">\n\t\t\t\t<div class=\"elementor-widget-container\">\n\t\t\t\t\t\t\t<div class=\"elementor-icon-wrapper\">\n\t\t\t<div class=\"elementor-icon\">\n\t\t\t<i aria-hidden=\"true\" class=\"fas fa-clinic-medical\"><\/i>\t\t\t<\/div>\n\t\t<\/div>\n\t\t\t\t\t\t<\/div>\n\t\t\t\t<\/div>\n\t\t\t\t<div class=\"elementor-element elementor-element-d3c1d3b elementor-widget__width-initial elementor-widget-tablet__width-inherit elementor-widget elementor-widget-text-editor\" data-id=\"d3c1d3b\" data-element_type=\"widget\" data-widget_type=\"text-editor.default\">\n\t\t\t\t<div class=\"elementor-widget-container\">\n\t\t\t\t\t\t\t\t\t<p><strong>Sie sind Behandler:in und m\u00f6chten gerne an dem Selektivvertrag teilnehmen?<\/strong> <br \/>Dann kontaktieren Sie gerne die BDRh Service GmbH oder uns. Wir helfen Ihnen gerne weiter.<\/p>\t\t\t\t\t\t\t\t<\/div>\n\t\t\t\t<\/div>\n\t\t\t\t<\/div>\n\t\t<div class=\"elementor-element elementor-element-7f6166b e-con-full e-flex e-con e-child\" data-id=\"7f6166b\" data-element_type=\"container\">\n\t\t\t\t<div class=\"elementor-element elementor-element-f7b4364 elementor-view-default elementor-widget elementor-widget-icon\" data-id=\"f7b4364\" data-element_type=\"widget\" data-widget_type=\"icon.default\">\n\t\t\t\t<div class=\"elementor-widget-container\">\n\t\t\t\t\t\t\t<div class=\"elementor-icon-wrapper\">\n\t\t\t<div class=\"elementor-icon\">\n\t\t\t<i aria-hidden=\"true\" class=\"fas fa-user\"><\/i>\t\t\t<\/div>\n\t\t<\/div>\n\t\t\t\t\t\t<\/div>\n\t\t\t\t<\/div>\n\t\t\t\t<div class=\"elementor-element elementor-element-7bf0a3d elementor-widget elementor-widget-text-editor\" data-id=\"7bf0a3d\" data-element_type=\"widget\" data-widget_type=\"text-editor.default\">\n\t\t\t\t<div class=\"elementor-widget-container\">\n\t\t\t\t\t\t\t\t\t<div><b>Sie sind Patient:in und m\u00f6chten gerne dieses Versorgungsmodell nutzen?<br \/><\/b>Dann fragen Sie bei Ihrer Krankenkasse nach, ob diese am Selektivvertrag mit RheCORD teilnimmt.<\/div>\t\t\t\t\t\t\t\t<\/div>\n\t\t\t\t<\/div>\n\t\t\t\t<\/div>\n\t\t\t\t<\/div>\n\t\t\t\t\t<\/div>\n\t\t\t\t<\/div>\n\t\t<div class=\"elementor-element elementor-element-c0f4eb7 e-flex e-con-boxed e-con e-parent\" data-id=\"c0f4eb7\" data-element_type=\"container\" data-settings=\"{&quot;background_background&quot;:&quot;classic&quot;}\">\n\t\t\t\t\t<div class=\"e-con-inner\">\n\t\t<div class=\"elementor-element elementor-element-1f02108 e-con-full e-flex e-con e-child\" data-id=\"1f02108\" data-element_type=\"container\">\n\t\t\t\t<div class=\"elementor-element elementor-element-0a44940 elementor-widget elementor-widget-heading\" data-id=\"0a44940\" data-element_type=\"widget\" data-widget_type=\"heading.default\">\n\t\t\t\t<div class=\"elementor-widget-container\">\n\t\t\t\t\t<h2 class=\"elementor-heading-title elementor-size-default\">Wer steckt hinter RheCORD?<\/h2>\t\t\t\t<\/div>\n\t\t\t\t<\/div>\n\t\t\t\t<div class=\"elementor-element elementor-element-ed739be elementor-widget elementor-widget-text-editor\" data-id=\"ed739be\" data-element_type=\"widget\" data-widget_type=\"text-editor.default\">\n\t\t\t\t<div class=\"elementor-widget-container\">\n\t\t\t\t\t\t\t\t\t<p><strong>RheCORD<\/strong> besteht aus einem Team aus Mediziner:innen, Expert:innen, Entwickler:innen und Projektleiter:innen und zeichnet sich durch breit aufgestellte Kompetenzen und Erfahrungen aus.<\/p>\t\t\t\t\t\t\t\t<\/div>\n\t\t\t\t<\/div>\n\t\t\t\t<\/div>\n\t\t<div class=\"elementor-element elementor-element-aaec206 e-con-full e-flex e-con e-child\" data-id=\"aaec206\" data-element_type=\"container\">\n\t\t<div class=\"elementor-element elementor-element-55372d2 e-con-full e-flex e-con e-child\" data-id=\"55372d2\" data-element_type=\"container\" data-settings=\"{&quot;background_background&quot;:&quot;classic&quot;}\">\n\t\t\t\t<div class=\"elementor-element elementor-element-bf79fb6 elementor-widget elementor-widget-image\" data-id=\"bf79fb6\" data-element_type=\"widget\" data-widget_type=\"image.default\">\n\t\t\t\t<div class=\"elementor-widget-container\">\n\t\t\t\t\t\t\t\t\t\t\t\t\t\t\t<img decoding=\"async\" src=\"https:\/\/rhecord.de\/wp-content\/uploads\/2025\/07\/Star_logo_small.png\" title=\"star_logo_small\" alt=\"STAR Healthcare Management GmbH Logo\" loading=\"lazy\" \/>\t\t\t\t\t\t\t\t\t\t\t\t\t\t\t<\/div>\n\t\t\t\t<\/div>\n\t\t\t\t<div class=\"elementor-element elementor-element-e40a5fd elementor-widget elementor-widget-text-editor\" data-id=\"e40a5fd\" data-element_type=\"widget\" data-widget_type=\"text-editor.default\">\n\t\t\t\t<div class=\"elementor-widget-container\">\n\t\t\t\t\t\t\t\t\t<p style=\"text-align: center;\"><strong>Entwicklung<\/strong><\/p>\t\t\t\t\t\t\t\t<\/div>\n\t\t\t\t<\/div>\n\t\t\t\t<\/div>\n\t\t<div class=\"elementor-element elementor-element-4ea5cb7 e-con-full e-flex e-con e-child\" data-id=\"4ea5cb7\" data-element_type=\"container\" data-settings=\"{&quot;background_background&quot;:&quot;classic&quot;}\">\n\t\t\t\t<div class=\"elementor-element elementor-element-fae529e elementor-widget elementor-widget-image\" data-id=\"fae529e\" data-element_type=\"widget\" data-widget_type=\"image.default\">\n\t\t\t\t<div class=\"elementor-widget-container\">\n\t\t\t\t\t\t\t\t\t\t\t\t\t\t\t<img decoding=\"async\" width=\"296\" height=\"69\" src=\"https:\/\/rhecord.de\/wp-content\/uploads\/2025\/07\/rhecord_healthcare_small.png\" class=\"attachment-medium size-medium wp-image-1521\" alt=\"RheCORD Healthcare GmbH Logo\" \/>\t\t\t\t\t\t\t\t\t\t\t\t\t\t\t<\/div>\n\t\t\t\t<\/div>\n\t\t\t\t<div class=\"elementor-element elementor-element-f71fcc6 elementor-widget elementor-widget-text-editor\" data-id=\"f71fcc6\" data-element_type=\"widget\" data-widget_type=\"text-editor.default\">\n\t\t\t\t<div class=\"elementor-widget-container\">\n\t\t\t\t\t\t\t\t\t<p style=\"text-align: center;\"><strong>Vertrieb<\/strong><\/p>\t\t\t\t\t\t\t\t<\/div>\n\t\t\t\t<\/div>\n\t\t\t\t<\/div>\n\t\t<div class=\"elementor-element elementor-element-b246b78 e-con-full e-flex e-con e-child\" data-id=\"b246b78\" data-element_type=\"container\" data-settings=\"{&quot;background_background&quot;:&quot;classic&quot;}\">\n\t\t\t\t<div class=\"elementor-element elementor-element-e68ada9 elementor-widget elementor-widget-image\" data-id=\"e68ada9\" data-element_type=\"widget\" data-widget_type=\"image.default\">\n\t\t\t\t<div class=\"elementor-widget-container\">\n\t\t\t\t\t\t\t\t\t\t\t\t\t\t\t<img decoding=\"async\" width=\"175\" height=\"35\" src=\"https:\/\/rhecord.de\/wp-content\/uploads\/2025\/07\/logo-rhadar.png\" class=\"attachment-medium size-medium wp-image-1520\" alt=\"RHADAR Logo\" \/>\t\t\t\t\t\t\t\t\t\t\t\t\t\t\t<\/div>\n\t\t\t\t<\/div>\n\t\t\t\t<div class=\"elementor-element elementor-element-811dd65 elementor-widget elementor-widget-text-editor\" data-id=\"811dd65\" data-element_type=\"widget\" data-widget_type=\"text-editor.default\">\n\t\t\t\t<div class=\"elementor-widget-container\">\n\t\t\t\t\t\t\t\t\t<p style=\"text-align: center;\">Das <strong>rheumatologische Netzwerk<\/strong> zur medizinischen Beratung und Unterst\u00fctzung<\/p>\t\t\t\t\t\t\t\t<\/div>\n\t\t\t\t<\/div>\n\t\t\t\t<\/div>\n\t\t<div class=\"elementor-element elementor-element-2e5e154 e-con-full e-flex e-con e-child\" data-id=\"2e5e154\" data-element_type=\"container\" data-settings=\"{&quot;background_background&quot;:&quot;classic&quot;}\">\n\t\t\t\t<div class=\"elementor-element elementor-element-9d8037e elementor-widget elementor-widget-image\" data-id=\"9d8037e\" data-element_type=\"widget\" data-widget_type=\"image.default\">\n\t\t\t\t<div class=\"elementor-widget-container\">\n\t\t\t\t\t\t\t\t\t\t\t\t\t\t\t<img decoding=\"async\" width=\"300\" height=\"86\" src=\"https:\/\/rhecord.de\/wp-content\/uploads\/2025\/07\/Logo_BDRh-300x86.png\" class=\"attachment-medium size-medium wp-image-1519\" alt=\"Logo des Berufsverbands deutscher Rheumatologen e.V.\" srcset=\"https:\/\/rhecord.de\/wp-content\/uploads\/2025\/07\/Logo_BDRh-300x86.png 300w, https:\/\/rhecord.de\/wp-content\/uploads\/2025\/07\/Logo_BDRh.png 420w\" sizes=\"(max-width: 300px) 100vw, 300px\" \/>\t\t\t\t\t\t\t\t\t\t\t\t\t\t\t<\/div>\n\t\t\t\t<\/div>\n\t\t\t\t<div class=\"elementor-element elementor-element-7a7fc25 elementor-widget elementor-widget-text-editor\" data-id=\"7a7fc25\" data-element_type=\"widget\" data-widget_type=\"text-editor.default\">\n\t\t\t\t<div class=\"elementor-widget-container\">\n\t\t\t\t\t\t\t\t\t<p style=\"text-align: center;\"><strong>Vertriebsunterst\u00fctzung<\/strong><\/p>\t\t\t\t\t\t\t\t<\/div>\n\t\t\t\t<\/div>\n\t\t\t\t<\/div>\n\t\t\t\t<\/div>\n\t\t\t\t\t<\/div>\n\t\t\t\t<\/div>\n\t\t<div class=\"elementor-element elementor-element-9c61ab4 e-flex e-con-boxed e-con e-parent\" data-id=\"9c61ab4\" data-element_type=\"container\" data-settings=\"{&quot;background_background&quot;:&quot;classic&quot;}\">\n\t\t\t\t\t<div class=\"e-con-inner\">\n\t\t\t\t<div class=\"elementor-element elementor-element-1550a86 elementor-align-center elementor-widget elementor-widget-button\" data-id=\"1550a86\" data-element_type=\"widget\" data-widget_type=\"button.default\">\n\t\t\t\t<div class=\"elementor-widget-container\">\n\t\t\t\t\t\t\t\t\t<div class=\"elementor-button-wrapper\">\n\t\t\t\t\t<a class=\"elementor-button elementor-button-link elementor-size-sm elementor-animation-grow\" href=\"https:\/\/rhecord.de\/?page_id=1454\">\n\t\t\t\t\t\t<span class=\"elementor-button-content-wrapper\">\n\t\t\t\t\t\t\t\t\t<span class=\"elementor-button-text\">Kontaktieren Sie uns!<\/span>\n\t\t\t\t\t<\/span>\n\t\t\t\t\t<\/a>\n\t\t\t\t<\/div>\n\t\t\t\t\t\t\t\t<\/div>\n\t\t\t\t<\/div>\n\t\t\t\t\t<\/div>\n\t\t\t\t<\/div>\n\t\t\t\t<\/div>\n\t\t","protected":false},"excerpt":{"rendered":"<p>Rheuma-ManagementNeu gedacht Ein \u00dcberblick RheCORD ist ein digitales Rheuma-Management f\u00fcr Patienten:innen mit rheumatischen Erkrankungen und deren Behandler:innen. Die RheCORD-App RheCORD ist eine App, die Ihnen bei Ihrem t\u00e4glichen Umgang mit Ihrer rheumatischen Erkrankung hilft und Sie in Ihrem Alltag unterst\u00fctzt. Das RheCORD-System verbindet Sie mit Ihrem:Ihrer Rheumatolog:in und anderen \u00c4rzt:innen und sichert Ihnen eine st\u00e4ndige [&hellip;]<\/p>\n","protected":false},"author":4,"featured_media":0,"parent":0,"menu_order":0,"comment_status":"closed","ping_status":"closed","template":"","meta":{"_uag_custom_page_level_css":"","site-sidebar-layout":"no-sidebar","site-content-layout":"page-builder","ast-site-content-layout":"full-width-container","site-content-style":"unboxed","site-sidebar-style":"unboxed","ast-global-header-display":"","ast-banner-title-visibility":"","ast-main-header-display":"","ast-hfb-above-header-display":"","ast-hfb-below-header-display":"","ast-hfb-mobile-header-display":"","site-post-title":"disabled","ast-breadcrumbs-content":"","ast-featured-img":"disabled","footer-sml-layout":"","theme-transparent-header-meta":"","adv-header-id-meta":"","stick-header-meta":"","header-above-stick-meta":"","header-main-stick-meta":"","header-below-stick-meta":"","astra-migrate-meta-layouts":"set","ast-page-background-enabled":"default","ast-page-background-meta":{"desktop":{"background-color":"","background-image":"","background-repeat":"repeat","background-position":"center center","background-size":"auto","background-attachment":"scroll","background-type":"","background-media":"","overlay-type":"","overlay-color":"","overlay-opacity":"","overlay-gradient":""},"tablet":{"background-color":"","background-image":"","background-repeat":"repeat","background-position":"center center","background-size":"auto","background-attachment":"scroll","background-type":"","background-media":"","overlay-type":"","overlay-color":"","overlay-opacity":"","overlay-gradient":""},"mobile":{"background-color":"","background-image":"","background-repeat":"repeat","background-position":"center center","background-size":"auto","background-attachment":"scroll","background-type":"","background-media":"","overlay-type":"","overlay-color":"","overlay-opacity":"","overlay-gradient":""}},"ast-content-background-meta":{"desktop":{"background-color":"var(--ast-global-color-5)","background-image":"","background-repeat":"repeat","background-position":"center center","background-size":"auto","background-attachment":"scroll","background-type":"","background-media":"","overlay-type":"","overlay-color":"","overlay-opacity":"","overlay-gradient":""},"tablet":{"background-color":"var(--ast-global-color-5)","background-image":"","background-repeat":"repeat","background-position":"center center","background-size":"auto","background-attachment":"scroll","background-type":"","background-media":"","overlay-type":"","overlay-color":"","overlay-opacity":"","overlay-gradient":""},"mobile":{"background-color":"var(--ast-global-color-5)","background-image":"","background-repeat":"repeat","background-position":"center center","background-size":"auto","background-attachment":"scroll","background-type":"","background-media":"","overlay-type":"","overlay-color":"","overlay-opacity":"","overlay-gradient":""}},"footnotes":""},"class_list":["post-1246","page","type-page","status-publish","hentry"],"uagb_featured_image_src":{"full":false,"thumbnail":false,"medium":false,"medium_large":false,"large":false,"1536x1536":false,"2048x2048":false},"uagb_author_info":{"display_name":"Ariane Bothe","author_link":"https:\/\/rhecord.de\/?author=4"},"uagb_comment_info":0,"uagb_excerpt":"Rheuma-ManagementNeu gedacht Ein \u00dcberblick RheCORD ist ein digitales Rheuma-Management f\u00fcr Patienten:innen mit rheumatischen Erkrankungen und deren Behandler:innen. Die RheCORD-App RheCORD ist eine App, die Ihnen bei Ihrem t\u00e4glichen Umgang mit Ihrer rheumatischen Erkrankung hilft und Sie in Ihrem Alltag unterst\u00fctzt. Das RheCORD-System verbindet Sie mit Ihrem:Ihrer Rheumatolog:in und anderen \u00c4rzt:innen und sichert Ihnen eine st\u00e4ndige&hellip;","_links":{"self":[{"href":"https:\/\/rhecord.de\/index.php?rest_route=\/wp\/v2\/pages\/1246","targetHints":{"allow":["GET"]}}],"collection":[{"href":"https:\/\/rhecord.de\/index.php?rest_route=\/wp\/v2\/pages"}],"about":[{"href":"https:\/\/rhecord.de\/index.php?rest_route=\/wp\/v2\/types\/page"}],"author":[{"embeddable":true,"href":"https:\/\/rhecord.de\/index.php?rest_route=\/wp\/v2\/users\/4"}],"replies":[{"embeddable":true,"href":"https:\/\/rhecord.de\/index.php?rest_route=%2Fwp%2Fv2%2Fcomments&post=1246"}],"version-history":[{"count":137,"href":"https:\/\/rhecord.de\/index.php?rest_route=\/wp\/v2\/pages\/1246\/revisions"}],"predecessor-version":[{"id":2510,"href":"https:\/\/rhecord.de\/index.php?rest_route=\/wp\/v2\/pages\/1246\/revisions\/2510"}],"wp:attachment":[{"href":"https:\/\/rhecord.de\/index.php?rest_route=%2Fwp%2Fv2%2Fmedia&parent=1246"}],"curies":[{"name":"wp","href":"https:\/\/api.w.org\/{rel}","templated":true}]}}